{"id":521,"date":"2017-08-29T10:00:40","date_gmt":"2017-08-29T08:00:40","guid":{"rendered":"https:\/\/new.wertfabrik.ch\/de\/?post_type=wertakademie&#038;p=521"},"modified":"2023-10-27T18:54:06","modified_gmt":"2023-10-27T16:54:06","slug":"methode-5s","status":"publish","type":"wertakademie","link":"https:\/\/www.wertfabrik.ch\/fr\/veranstaltung\/methode-5s\/","title":{"rendered":"M\u00e9thode 5S"},"content":{"rendered":"<p>[vc_row][vc_column]<div class=\"site-intro\"><span>Absence de perturbations gr\u00e2ce \u00e0 l\u2019ordre et \u00e0 la propret\u00e9 (m\u00e9thode 5S)<\/span><hr><h1>Garantir la durabilit\u00e9 et l\u2019am\u00e9lioration continue<\/h1><p>Certes, le concept Lean ne se r\u00e9sume pas \u00e0 un simple nettoyage, mais l\u2019ordre et la propret\u00e9 sont des conditions essentielles pour un travail sans perturbation. Le parfait d\u00e9roulement des actions constitue la particularit\u00e9 Lean la plus importante et la base d\u2019une mise en \u0153uvre r\u00e9ussie des trois autres param\u00e8tres que sont le flux, le temps et le principe du flux tir\u00e9.<\/p>\n<p>La m\u00e9thode 5S \u00e9prouv\u00e9e dans le monde entier vise \u00e0 \u00e9tablir et \u00e0 garantir \u00e0 long terme l\u2019ordre et la propret\u00e9 aussi bien dans l\u2019environnement productif qu\u2019administratif.<\/p><\/div>[\/vc_column][\/vc_row][vc_row][vc_column width=\u00a0\u00bb1\/2&Prime;][vc_column_text]<\/p>\n<h3>Objectifs<\/h3>\n<p>\u00c0 la fin du s\u00e9minaire, vous \u00eates capable d\u2019appliquer la m\u00e9thode 5S de fa\u00e7on autonome. Vous \u00eates \u00e9galement en mesure de r\u00e9aliser un audit m\u00e9thodique de l\u2019ordre et de la propret\u00e9 et, ainsi, de garantir la durabilit\u00e9 et l\u2019am\u00e9lioration continue.[\/vc_column_text][\/vc_column][vc_column width=\u00a0\u00bb1\/2&Prime;][vc_column_text]<\/p>\n<h3>Groupes cibles<\/h3>\n<p>Ce s\u00e9minaire s\u2019adresse aussi bien aux dirigeants (chefs d\u2019\u00e9quipe, chefs de service) et\u00a0aux experts Lean qu\u2019au personnel travaillant dans un secteur o\u00f9 l\u2019ordre et la propret\u00e9\u00a0doivent \u00eatre am\u00e9lior\u00e9s.[\/vc_column_text][\/vc_column][\/vc_row][vc_row][vc_column width=\u00a0\u00bb1\/2&Prime;][vc_column_text]<\/p>\n<h3>Comp\u00e9tences acquises<\/h3>\n<p>Outre des connaissances m\u00e9thodologiques, vous recevez de pr\u00e9cieux conseils pratiques\u00a0que vous devez respecter lors de l\u2019application de la m\u00e9thode 5S dans le secteur\u00a0de la production et\/ou administratif. De nombreux exemples vous donnent des id\u00e9es\u00a0\u00e0 mettre en \u0153uvre dans l\u2019entreprise.<\/p>\n<p>&nbsp;<\/p>\n<p>Pendant le s\u00e9minaire, vous commencez \u00e0 cr\u00e9er dans votre entreprise une \u00ab zone phare\u00a0\u00bb en mati\u00e8re d\u2019ordre et de propret\u00e9.[\/vc_column_text][\/vc_column][vc_column width=\u00a0\u00bb1\/2&Prime;][vc_column_text]<\/p>\n<h3>Th\u00e8mes principaux<\/h3>\n<p>Des expos\u00e9s, des d\u00e9bats et surtout la mise en pratique de la m\u00e9thode 5S en atelier garantissent un s\u00e9minaire vari\u00e9 avec des modifications mesurables sur place d\u00e8s la fin du s\u00e9minaire.[\/vc_column_text][\/vc_column][\/vc_row][vc_row][vc_column width=\u00a0\u00bb1\/2&Prime;][vc_column_text]<\/p>\n<h3>Le s\u00e9minaire durant de deux jours r\u00e9pond aux questions suivantes :<\/h3>\n<ul>\n<li>Pourquoi l\u2019ordre et la propret\u00e9 sont-ils importants ?<\/li>\n<li>Que signifient les 5S ?<\/li>\n<li>Comment proc\u00e9der en pratique pour la m\u00e9thode 5S ? \u00c0 quoi faut-il faire particuli\u00e8rement attention ?<\/li>\n<li>Pourquoi les normes sont-elles si importantes ?<\/li>\n<li>\u00c0 quoi ressemble un audit 5S ? \u00c0 quelle fr\u00e9quence un audit est-il r\u00e9alis\u00e9 et par qui ? Comment les r\u00e9sultats d\u2019audit se traduisent-ils en am\u00e9liorations ?<\/li>\n<li>Comment d\u2019autres entreprises utilisent-elles la m\u00e9thode 5S ?<\/li>\n<\/ul>\n<p>[\/vc_column_text][\/vc_column][vc_column width=\u00a0\u00bb1\/2&Prime;][vc_column_text]<\/p>\n<h3>M\u00e9thodologie<\/h3>\n<ul>\n<li>Apr\u00e8s un module th\u00e9orique sur la m\u00e9thode 5S, celle-ci est mise en pratique de mani\u00e8re rapide et contr\u00f4lable au sein de votre entreprise dans le cadre d\u2019un atelier 5S.<\/li>\n<li>Des audits de la m\u00e9thode 5S r\u00e9alis\u00e9s respectivement \u00ab en amont \u00bb et \u00ab en aval \u00bb indiquent les r\u00e9sultats \u00e0 atteindre rapidement.<\/li>\n<li>Les normes n\u00e9cessaires sont \u00e9labor\u00e9es et un plan d\u2019audit est \u00e9labor\u00e9 en \u00e9quipe<\/li>\n<\/ul>\n<p>[\/vc_column_text][\/vc_column][\/vc_row][vc_row][vc_column width=\u00a0\u00bb1\/2&Prime;][vc_column_text]<\/p>\n<h3>Prix<\/h3>\n<p>CHF 7&rsquo;000.-[\/vc_column_text][\/vc_column][vc_column width=\u00a0\u00bb1\/2&Prime;][\/vc_column][\/vc_row][vc_row][vc_column][vc_column_text]<\/p>\n<h3>Votre interlocuteur<\/h3>\n<p><a href=\"https:\/\/www.wertfabrik.ch\/fr\/team\/david-moser\/\">David Moser<\/a>, partenaire g\u00e9rant<br \/>\nT +41 79 344 35 33<br \/>\n<a href=\"mailto:david.moser@wertfabrik.ch\">david.moser@wertfabrik.ch<\/a>[\/vc_column_text][\/vc_column][\/vc_row]<\/p>\n","protected":false},"featured_media":0,"template":"","yoast_head":"<!-- This site is optimized with the Yoast SEO plugin v14.8.1 - https:\/\/yoast.com\/wordpress\/plugins\/seo\/ -->\n<meta name=\"robots\" content=\"index, follow\" \/>\n<meta name=\"googlebot\" content=\"index, follow, max-snippet:-1, max-image-preview:large, max-video-preview:-1\" \/>\n<meta name=\"bingbot\" content=\"index, follow, max-snippet:-1, max-image-preview:large, max-video-preview:-1\" \/>\n<link rel=\"canonical\" href=\"https:\/\/www.wertfabrik.ch\/fr\/veranstaltung\/methode-5s\/\" \/>\n<meta property=\"og:locale\" content=\"fr_FR\" \/>\n<meta property=\"og:type\" content=\"article\" \/>\n<meta property=\"og:title\" content=\"M\u00e9thode 5S - Wertfabrik FR\" \/>\n<meta property=\"og:description\" content=\"[vc_row][vc_column][\/vc_column][\/vc_row][vc_row][vc_column width=\u00a0\u00bb1\/2&Prime;][vc_column_text] Objectifs \u00c0 la fin du s\u00e9minaire, vous \u00eates capable d\u2019appliquer la m\u00e9thode 5S de fa\u00e7on autonome. Vous \u00eates \u00e9galement en mesure de r\u00e9aliser un audit m\u00e9thodique de l\u2019ordre et de la propret\u00e9 et, ainsi, de garantir la durabilit\u00e9 et l\u2019am\u00e9lioration continue.[\/vc_column_text][\/vc_column][vc_column width=\u00a0\u00bb1\/2&Prime;][vc_column_text] Groupes cibles Ce s\u00e9minaire s\u2019adresse aussi bien aux dirigeants (chefs d\u2019\u00e9quipe, [&hellip;]\" \/>\n<meta property=\"og:url\" content=\"https:\/\/www.wertfabrik.ch\/fr\/veranstaltung\/methode-5s\/\" \/>\n<meta property=\"og:site_name\" content=\"Wertfabrik FR\" \/>\n<meta property=\"article:modified_time\" content=\"2023-10-27T16:54:06+00:00\" \/>\n<meta name=\"twitter:card\" content=\"summary_large_image\" \/>\n<script type=\"application\/ld+json\" class=\"yoast-schema-graph\">{\"@context\":\"https:\/\/schema.org\",\"@graph\":[{\"@type\":\"WebSite\",\"@id\":\"https:\/\/www.wertfabrik.ch\/fr\/#website\",\"url\":\"https:\/\/www.wertfabrik.ch\/fr\/\",\"name\":\"Wertfabrik FR\",\"description\":\"Eine weitere Wertfabrik Website\",\"potentialAction\":[{\"@type\":\"SearchAction\",\"target\":\"https:\/\/www.wertfabrik.ch\/fr\/?s={search_term_string}\",\"query-input\":\"required name=search_term_string\"}],\"inLanguage\":\"fr-FR\"},{\"@type\":\"WebPage\",\"@id\":\"https:\/\/www.wertfabrik.ch\/fr\/veranstaltung\/methode-5s\/#webpage\",\"url\":\"https:\/\/www.wertfabrik.ch\/fr\/veranstaltung\/methode-5s\/\",\"name\":\"M\\u00e9thode 5S - Wertfabrik FR\",\"isPartOf\":{\"@id\":\"https:\/\/www.wertfabrik.ch\/fr\/#website\"},\"datePublished\":\"2017-08-29T08:00:40+00:00\",\"dateModified\":\"2023-10-27T16:54:06+00:00\",\"inLanguage\":\"fr-FR\",\"potentialAction\":[{\"@type\":\"ReadAction\",\"target\":[\"https:\/\/www.wertfabrik.ch\/fr\/veranstaltung\/methode-5s\/\"]}]}]}<\/script>\n<!-- \/ Yoast SEO plugin. -->","_links":{"self":[{"href":"https:\/\/www.wertfabrik.ch\/fr\/wp-json\/wp\/v2\/wertakademie\/521"}],"collection":[{"href":"https:\/\/www.wertfabrik.ch\/fr\/wp-json\/wp\/v2\/wertakademie"}],"about":[{"href":"https:\/\/www.wertfabrik.ch\/fr\/wp-json\/wp\/v2\/types\/wertakademie"}],"wp:attachment":[{"href":"https:\/\/www.wertfabrik.ch\/fr\/wp-json\/wp\/v2\/media?parent=521"}],"curies":[{"name":"wp","href":"https:\/\/api.w.org\/{rel}","templated":true}]}}